{"id":5023,"date":"2022-01-28T20:38:02","date_gmt":"2022-01-28T20:38:02","guid":{"rendered":"https:\/\/cargoairbag.eu\/?page_id=5023"},"modified":"2022-05-16T20:51:03","modified_gmt":"2022-05-16T20:51:03","slug":"pritrdilni-kompleti","status":"publish","type":"page","link":"https:\/\/cargoairbag.eu\/en\/pritrdilni-kompleti\/","title":{"rendered":"Lashing Kits"},"content":{"rendered":"<div data-elementor-type=\"wp-page\" data-elementor-id=\"5023\" class=\"elementor elementor-5023\">\n\t\t\t\t\t\t\t\t\t<section class=\"elementor-section elementor-top-section elementor-element elementor-element-b3b2558 elementor-section-boxed elementor-section-height-default elementor-section-height-default\" data-id=\"b3b2558\" data-element_type=\"section\">\n\t\t\t\t\t\t<div class=\"elementor-container elementor-column-gap-default\">\n\t\t\t\t\t<div class=\"elementor-column elementor-col-25 elementor-top-column elementor-element elementor-element-0ce9f1d\" data-id=\"0ce9f1d\" data-element_type=\"column\">\n\t\t\t<div class=\"elementor-widget-wrap elementor-element-populated\">\n\t\t\t\t\t\t\t\t<div class=\"elementor-element elementor-element-8160c07 elementor-invisible elementor-widget elementor-widget-image\" data-id=\"8160c07\" data-element_type=\"widget\" data-settings=\"{&quot;_animation&quot;:&quot;slideInUp&quot;}\" data-widget_type=\"image.default\">\n\t\t\t\t<div class=\"elementor-widget-container\">\n\t\t\t<style>\/*! elementor - v3.15.0 - 20-08-2023 *\/\n.elementor-widget-image{text-align:center}.elementor-widget-image a{display:inline-block}.elementor-widget-image a img[src$=\".svg\"]{width:48px}.elementor-widget-image img{vertical-align:middle;display:inline-block}<\/style>\t\t\t\t\t\t\t\t\t<figure class=\"wp-caption\">\n\t\t\t\t\t\t\t\t\t\t\t<a href=\"https:\/\/cargoairbag.eu\/povezovalni-trakovi\/\">\n\t\t\t\t\t\t\t<img loading=\"lazy\" decoding=\"async\" width=\"600\" height=\"400\" src=\"https:\/\/cargoairbag.eu\/wp-content\/uploads\/2022\/02\/spanzet-5-1024x683.jpg\" class=\"attachment-large size-large wp-image-5972\" alt=\"\" srcset=\"https:\/\/cargoairbag.eu\/wp-content\/uploads\/2022\/02\/spanzet-5-1024x683.jpg 1024w, https:\/\/cargoairbag.eu\/wp-content\/uploads\/2022\/02\/spanzet-5-300x200.jpg 300w, https:\/\/cargoairbag.eu\/wp-content\/uploads\/2022\/02\/spanzet-5-768x512.jpg 768w, https:\/\/cargoairbag.eu\/wp-content\/uploads\/2022\/02\/spanzet-5-700x467.jpg 700w, https:\/\/cargoairbag.eu\/wp-content\/uploads\/2022\/02\/spanzet-5-600x400.jpg 600w, https:\/\/cargoairbag.eu\/wp-content\/uploads\/2022\/02\/spanzet-5.jpg 1200w\" sizes=\"auto, (max-width: 600px) 100vw, 600px\" \/>\t\t\t\t\t\t\t\t<\/a>\n\t\t\t\t\t\t\t\t\t\t\t<figcaption class=\"widget-image-caption wp-caption-text\">Lashing Straps<\/figcaption>\n\t\t\t\t\t\t\t\t\t\t<\/figure>\n\t\t\t\t\t\t\t\t\t<\/div>\n\t\t\t\t<\/div>\n\t\t\t\t\t<\/div>\n\t\t<\/div>\n\t\t\t\t<div class=\"elementor-column elementor-col-25 elementor-top-column elementor-element elementor-element-ca5f103\" data-id=\"ca5f103\" data-element_type=\"column\">\n\t\t\t<div class=\"elementor-widget-wrap elementor-element-populated\">\n\t\t\t\t\t\t\t\t<div class=\"elementor-element elementor-element-513ef57 elementor-invisible elementor-widget elementor-widget-image\" data-id=\"513ef57\" data-element_type=\"widget\" data-settings=\"{&quot;_animation&quot;:&quot;slideInUp&quot;}\" data-widget_type=\"image.default\">\n\t\t\t\t<div class=\"elementor-widget-container\">\n\t\t\t\t\t\t\t\t\t\t\t\t<figure class=\"wp-caption\">\n\t\t\t\t\t\t\t\t\t\t\t<a href=\"https:\/\/cargoairbag.eu\/trakaste-zanke\/\">\n\t\t\t\t\t\t\t<img loading=\"lazy\" decoding=\"async\" width=\"600\" height=\"400\" src=\"https:\/\/cargoairbag.eu\/wp-content\/uploads\/2022\/02\/sapan-1-1024x683.jpg\" class=\"attachment-large size-large wp-image-5971\" alt=\"\" srcset=\"https:\/\/cargoairbag.eu\/wp-content\/uploads\/2022\/02\/sapan-1-1024x683.jpg 1024w, https:\/\/cargoairbag.eu\/wp-content\/uploads\/2022\/02\/sapan-1-300x200.jpg 300w, https:\/\/cargoairbag.eu\/wp-content\/uploads\/2022\/02\/sapan-1-768x512.jpg 768w, https:\/\/cargoairbag.eu\/wp-content\/uploads\/2022\/02\/sapan-1-700x467.jpg 700w, https:\/\/cargoairbag.eu\/wp-content\/uploads\/2022\/02\/sapan-1-600x400.jpg 600w, https:\/\/cargoairbag.eu\/wp-content\/uploads\/2022\/02\/sapan-1.jpg 1200w\" sizes=\"auto, (max-width: 600px) 100vw, 600px\" \/>\t\t\t\t\t\t\t\t<\/a>\n\t\t\t\t\t\t\t\t\t\t\t<figcaption class=\"widget-image-caption wp-caption-text\">Textile Slings<\/figcaption>\n\t\t\t\t\t\t\t\t\t\t<\/figure>\n\t\t\t\t\t\t\t\t\t<\/div>\n\t\t\t\t<\/div>\n\t\t\t\t\t<\/div>\n\t\t<\/div>\n\t\t\t\t<div class=\"elementor-column elementor-col-25 elementor-top-column elementor-element elementor-element-42200ed\" data-id=\"42200ed\" data-element_type=\"column\">\n\t\t\t<div class=\"elementor-widget-wrap elementor-element-populated\">\n\t\t\t\t\t\t\t\t<div class=\"elementor-element elementor-element-1087685 elementor-invisible elementor-widget elementor-widget-image\" data-id=\"1087685\" data-element_type=\"widget\" data-settings=\"{&quot;_animation&quot;:&quot;slideInUp&quot;}\" data-widget_type=\"image.default\">\n\t\t\t\t<div class=\"elementor-widget-container\">\n\t\t\t\t\t\t\t\t\t\t\t\t<figure class=\"wp-caption\">\n\t\t\t\t\t\t\t\t\t\t\t<a href=\"https:\/\/cargoairbag.eu\/neskoncne-zanke\/\">\n\t\t\t\t\t\t\t<img loading=\"lazy\" decoding=\"async\" width=\"600\" height=\"400\" src=\"https:\/\/cargoairbag.eu\/wp-content\/uploads\/2022\/02\/lashing-cember-1-1024x683.jpg\" class=\"attachment-large size-large wp-image-5969\" alt=\"\" srcset=\"https:\/\/cargoairbag.eu\/wp-content\/uploads\/2022\/02\/lashing-cember-1-1024x683.jpg 1024w, https:\/\/cargoairbag.eu\/wp-content\/uploads\/2022\/02\/lashing-cember-1-300x200.jpg 300w, https:\/\/cargoairbag.eu\/wp-content\/uploads\/2022\/02\/lashing-cember-1-768x512.jpg 768w, https:\/\/cargoairbag.eu\/wp-content\/uploads\/2022\/02\/lashing-cember-1-700x467.jpg 700w, https:\/\/cargoairbag.eu\/wp-content\/uploads\/2022\/02\/lashing-cember-1-600x400.jpg 600w, https:\/\/cargoairbag.eu\/wp-content\/uploads\/2022\/02\/lashing-cember-1.jpg 1200w\" sizes=\"auto, (max-width: 600px) 100vw, 600px\" \/>\t\t\t\t\t\t\t\t<\/a>\n\t\t\t\t\t\t\t\t\t\t\t<figcaption class=\"widget-image-caption wp-caption-text\">Band Columns<\/figcaption>\n\t\t\t\t\t\t\t\t\t\t<\/figure>\n\t\t\t\t\t\t\t\t\t<\/div>\n\t\t\t\t<\/div>\n\t\t\t\t\t<\/div>\n\t\t<\/div>\n\t\t\t\t<div class=\"elementor-column elementor-col-25 elementor-top-column elementor-element elementor-element-6b74e31 elementor-hidden-desktop elementor-hidden-tablet elementor-hidden-mobile\" data-id=\"6b74e31\" data-element_type=\"column\">\n\t\t\t<div class=\"elementor-widget-wrap elementor-element-populated\">\n\t\t\t\t\t\t\t\t<div class=\"elementor-element elementor-element-fe1e92c elementor-invisible elementor-widget elementor-widget-image\" data-id=\"fe1e92c\" data-element_type=\"widget\" data-settings=\"{&quot;_animation&quot;:&quot;slideInUp&quot;}\" data-widget_type=\"image.default\">\n\t\t\t\t<div class=\"elementor-widget-container\">\n\t\t\t\t\t\t\t\t\t\t\t\t<figure class=\"wp-caption\">\n\t\t\t\t\t\t\t\t\t\t\t<a href=\"https:\/\/cargoairbag.eu\/trakovi-za-privezovanje\/\">\n\t\t\t\t\t\t\t<img loading=\"lazy\" decoding=\"async\" width=\"600\" height=\"396\" src=\"https:\/\/cargoairbag.eu\/wp-content\/uploads\/2022\/02\/bant_kolonu-1-1024x676.jpg\" class=\"attachment-large size-large wp-image-5967\" alt=\"\" srcset=\"https:\/\/cargoairbag.eu\/wp-content\/uploads\/2022\/02\/bant_kolonu-1-1024x676.jpg 1024w, https:\/\/cargoairbag.eu\/wp-content\/uploads\/2022\/02\/bant_kolonu-1-300x198.jpg 300w, https:\/\/cargoairbag.eu\/wp-content\/uploads\/2022\/02\/bant_kolonu-1-768x507.jpg 768w, https:\/\/cargoairbag.eu\/wp-content\/uploads\/2022\/02\/bant_kolonu-1-700x462.jpg 700w, https:\/\/cargoairbag.eu\/wp-content\/uploads\/2022\/02\/bant_kolonu-1-600x396.jpg 600w, https:\/\/cargoairbag.eu\/wp-content\/uploads\/2022\/02\/bant_kolonu-1.jpg 1200w\" sizes=\"auto, (max-width: 600px) 100vw, 600px\" \/>\t\t\t\t\t\t\t\t<\/a>\n\t\t\t\t\t\t\t\t\t\t\t<figcaption class=\"widget-image-caption wp-caption-text\">Trakov\u0131 za pr\u0131vezovanje<\/figcaption>\n\t\t\t\t\t\t\t\t\t\t<\/figure>\n\t\t\t\t\t\t\t\t\t<\/div>\n\t\t\t\t<\/div>\n\t\t\t\t\t<\/div>\n\t\t<\/div>\n\t\t\t\t\t\t\t<\/div>\n\t\t<\/section>\n\t\t\t\t\t\t\t<\/div>","protected":false},"excerpt":{"rendered":"<p>Povezovaln\u0131 trakov\u0131 z ragljo Tekst\u0131lne zanke Neskon\u010dne zanke Trakov\u0131 za pr\u0131vezovanje<\/p>","protected":false},"author":1,"featured_media":0,"parent":0,"menu_order":0,"comment_status":"closed","ping_status":"closed","template":"","meta":{"inline_featured_image":false,"footnotes":""},"class_list":["post-5023","page","type-page","status-publish","hentry"],"yoast_head":"<!-- This site is optimized with the Yoast SEO plugin v27.5 - https:\/\/yoast.com\/product\/yoast-seo-wordpress\/ -->\n<title>CargoAirbag | Zra\u010dne blazine &amp; Napihovalci, napihljive vre\u010de<\/title>\n<meta name=\"description\" content=\"Zra\u010dne blazine &amp; Napihovalci, napihljive vre\u010de, Za\u0161\u010ditna ponjava za kontejnerje, Pritrdilni kompleti-embala\u017eni, Za\u0161\u010ditni embala\u017eni materiali\" \/>\n<meta name=\"robots\" content=\"index, follow, max-snippet:-1, max-image-preview:large, max-video-preview:-1\" \/>\n<link rel=\"canonical\" href=\"https:\/\/cargoairbag.eu\/en\/pritrdilni-kompleti\/\" \/>\n<meta property=\"og:locale\" content=\"en_US\" \/>\n<meta property=\"og:type\" content=\"article\" \/>\n<meta property=\"og:title\" content=\"CargoAirbag | Zra\u010dne blazine &amp; Napihovalci, napihljive vre\u010de\" \/>\n<meta property=\"og:description\" content=\"Zra\u010dne blazine &amp; Napihovalci, napihljive vre\u010de, Za\u0161\u010ditna ponjava za kontejnerje, Pritrdilni kompleti-embala\u017eni, Za\u0161\u010ditni embala\u017eni materiali\" \/>\n<meta property=\"og:url\" content=\"https:\/\/cargoairbag.eu\/en\/pritrdilni-kompleti\/\" \/>\n<meta property=\"og:site_name\" content=\"CargoAirbag\" \/>\n<meta property=\"article:modified_time\" content=\"2022-05-16T20:51:03+00:00\" \/>\n<meta property=\"og:image\" content=\"https:\/\/cargoairbag.eu\/wp-content\/uploads\/2022\/02\/spanzet-5-1024x683.jpg\" \/>\n<meta name=\"twitter:card\" content=\"summary_large_image\" \/>\n<meta name=\"twitter:label1\" content=\"Est. reading time\" \/>\n\t<meta name=\"twitter:data1\" content=\"1 minute\" \/>\n<script type=\"application\/ld+json\" class=\"yoast-schema-graph\">{\"@context\":\"https:\\\/\\\/schema.org\",\"@graph\":[{\"@type\":\"WebPage\",\"@id\":\"https:\\\/\\\/cargoairbag.eu\\\/pritrdilni-kompleti\\\/\",\"url\":\"https:\\\/\\\/cargoairbag.eu\\\/pritrdilni-kompleti\\\/\",\"name\":\"CargoAirbag | Zra\u010dne blazine & Napihovalci, napihljive vre\u010de\",\"isPartOf\":{\"@id\":\"https:\\\/\\\/cargoairbag.eu\\\/#website\"},\"primaryImageOfPage\":{\"@id\":\"https:\\\/\\\/cargoairbag.eu\\\/pritrdilni-kompleti\\\/#primaryimage\"},\"image\":{\"@id\":\"https:\\\/\\\/cargoairbag.eu\\\/pritrdilni-kompleti\\\/#primaryimage\"},\"thumbnailUrl\":\"https:\\\/\\\/cargoairbag.eu\\\/wp-content\\\/uploads\\\/2022\\\/02\\\/spanzet-5-1024x683.jpg\",\"datePublished\":\"2022-01-28T20:38:02+00:00\",\"dateModified\":\"2022-05-16T20:51:03+00:00\",\"description\":\"Zra\u010dne blazine & Napihovalci, napihljive vre\u010de, Za\u0161\u010ditna ponjava za kontejnerje, Pritrdilni kompleti-embala\u017eni, Za\u0161\u010ditni embala\u017eni materiali\",\"breadcrumb\":{\"@id\":\"https:\\\/\\\/cargoairbag.eu\\\/pritrdilni-kompleti\\\/#breadcrumb\"},\"inLanguage\":\"en-US\",\"potentialAction\":[{\"@type\":\"ReadAction\",\"target\":[\"https:\\\/\\\/cargoairbag.eu\\\/pritrdilni-kompleti\\\/\"]}]},{\"@type\":\"ImageObject\",\"inLanguage\":\"en-US\",\"@id\":\"https:\\\/\\\/cargoairbag.eu\\\/pritrdilni-kompleti\\\/#primaryimage\",\"url\":\"https:\\\/\\\/cargoairbag.eu\\\/wp-content\\\/uploads\\\/2022\\\/02\\\/spanzet-5-1024x683.jpg\",\"contentUrl\":\"https:\\\/\\\/cargoairbag.eu\\\/wp-content\\\/uploads\\\/2022\\\/02\\\/spanzet-5-1024x683.jpg\"},{\"@type\":\"BreadcrumbList\",\"@id\":\"https:\\\/\\\/cargoairbag.eu\\\/pritrdilni-kompleti\\\/#breadcrumb\",\"itemListElement\":[{\"@type\":\"ListItem\",\"position\":1,\"name\":\"Anasayfa\",\"item\":\"https:\\\/\\\/cargoairbag.eu\\\/\"},{\"@type\":\"ListItem\",\"position\":2,\"name\":\"Pritrdilni kompleti\"}]},{\"@type\":\"WebSite\",\"@id\":\"https:\\\/\\\/cargoairbag.eu\\\/#website\",\"url\":\"https:\\\/\\\/cargoairbag.eu\\\/\",\"name\":\"CargoAirbag\",\"description\":\"cargoairbag.eu-Cargo Airbag Slovenia\",\"publisher\":{\"@id\":\"https:\\\/\\\/cargoairbag.eu\\\/#organization\"},\"potentialAction\":[{\"@type\":\"SearchAction\",\"target\":{\"@type\":\"EntryPoint\",\"urlTemplate\":\"https:\\\/\\\/cargoairbag.eu\\\/?s={search_term_string}\"},\"query-input\":{\"@type\":\"PropertyValueSpecification\",\"valueRequired\":true,\"valueName\":\"search_term_string\"}}],\"inLanguage\":\"en-US\"},{\"@type\":\"Organization\",\"@id\":\"https:\\\/\\\/cargoairbag.eu\\\/#organization\",\"name\":\"Cargo Airbag Slovenia\",\"url\":\"https:\\\/\\\/cargoairbag.eu\\\/\",\"logo\":{\"@type\":\"ImageObject\",\"inLanguage\":\"en-US\",\"@id\":\"https:\\\/\\\/cargoairbag.eu\\\/#\\\/schema\\\/logo\\\/image\\\/\",\"url\":\"https:\\\/\\\/cargoairbag.eu\\\/wp-content\\\/uploads\\\/2021\\\/10\\\/cropped-250x250-1.png\",\"contentUrl\":\"https:\\\/\\\/cargoairbag.eu\\\/wp-content\\\/uploads\\\/2021\\\/10\\\/cropped-250x250-1.png\",\"width\":250,\"height\":250,\"caption\":\"Cargo Airbag Slovenia\"},\"image\":{\"@id\":\"https:\\\/\\\/cargoairbag.eu\\\/#\\\/schema\\\/logo\\\/image\\\/\"},\"sameAs\":[\"https:\\\/\\\/www.youtube.com\\\/channel\\\/UCcj0CA-1tIue0p-NFP5wnjw\"]}]}<\/script>\n<!-- \/ Yoast SEO plugin. -->","yoast_head_json":{"title":"CargoAirbag | Zra\u010dne blazine & Napihovalci, napihljive vre\u010de","description":"Zra\u010dne blazine & Napihovalci, napihljive vre\u010de, Za\u0161\u010ditna ponjava za kontejnerje, Pritrdilni kompleti-embala\u017eni, Za\u0161\u010ditni embala\u017eni materiali","robots":{"index":"index","follow":"follow","max-snippet":"max-snippet:-1","max-image-preview":"max-image-preview:large","max-video-preview":"max-video-preview:-1"},"canonical":"https:\/\/cargoairbag.eu\/en\/pritrdilni-kompleti\/","og_locale":"en_US","og_type":"article","og_title":"CargoAirbag | Zra\u010dne blazine & Napihovalci, napihljive vre\u010de","og_description":"Zra\u010dne blazine & Napihovalci, napihljive vre\u010de, Za\u0161\u010ditna ponjava za kontejnerje, Pritrdilni kompleti-embala\u017eni, Za\u0161\u010ditni embala\u017eni materiali","og_url":"https:\/\/cargoairbag.eu\/en\/pritrdilni-kompleti\/","og_site_name":"CargoAirbag","article_modified_time":"2022-05-16T20:51:03+00:00","og_image":[{"url":"https:\/\/cargoairbag.eu\/wp-content\/uploads\/2022\/02\/spanzet-5-1024x683.jpg","type":"","width":"","height":""}],"twitter_card":"summary_large_image","twitter_misc":{"Est. reading time":"1 minute"},"schema":{"@context":"https:\/\/schema.org","@graph":[{"@type":"WebPage","@id":"https:\/\/cargoairbag.eu\/pritrdilni-kompleti\/","url":"https:\/\/cargoairbag.eu\/pritrdilni-kompleti\/","name":"CargoAirbag | Zra\u010dne blazine & Napihovalci, napihljive vre\u010de","isPartOf":{"@id":"https:\/\/cargoairbag.eu\/#website"},"primaryImageOfPage":{"@id":"https:\/\/cargoairbag.eu\/pritrdilni-kompleti\/#primaryimage"},"image":{"@id":"https:\/\/cargoairbag.eu\/pritrdilni-kompleti\/#primaryimage"},"thumbnailUrl":"https:\/\/cargoairbag.eu\/wp-content\/uploads\/2022\/02\/spanzet-5-1024x683.jpg","datePublished":"2022-01-28T20:38:02+00:00","dateModified":"2022-05-16T20:51:03+00:00","description":"Zra\u010dne blazine & Napihovalci, napihljive vre\u010de, Za\u0161\u010ditna ponjava za kontejnerje, Pritrdilni kompleti-embala\u017eni, Za\u0161\u010ditni embala\u017eni materiali","breadcrumb":{"@id":"https:\/\/cargoairbag.eu\/pritrdilni-kompleti\/#breadcrumb"},"inLanguage":"en-US","potentialAction":[{"@type":"ReadAction","target":["https:\/\/cargoairbag.eu\/pritrdilni-kompleti\/"]}]},{"@type":"ImageObject","inLanguage":"en-US","@id":"https:\/\/cargoairbag.eu\/pritrdilni-kompleti\/#primaryimage","url":"https:\/\/cargoairbag.eu\/wp-content\/uploads\/2022\/02\/spanzet-5-1024x683.jpg","contentUrl":"https:\/\/cargoairbag.eu\/wp-content\/uploads\/2022\/02\/spanzet-5-1024x683.jpg"},{"@type":"BreadcrumbList","@id":"https:\/\/cargoairbag.eu\/pritrdilni-kompleti\/#breadcrumb","itemListElement":[{"@type":"ListItem","position":1,"name":"Anasayfa","item":"https:\/\/cargoairbag.eu\/"},{"@type":"ListItem","position":2,"name":"Pritrdilni kompleti"}]},{"@type":"WebSite","@id":"https:\/\/cargoairbag.eu\/#website","url":"https:\/\/cargoairbag.eu\/","name":"CargoAirbag","description":"cargoairbag.eu-Cargo Airbag Slovenia","publisher":{"@id":"https:\/\/cargoairbag.eu\/#organization"},"potentialAction":[{"@type":"SearchAction","target":{"@type":"EntryPoint","urlTemplate":"https:\/\/cargoairbag.eu\/?s={search_term_string}"},"query-input":{"@type":"PropertyValueSpecification","valueRequired":true,"valueName":"search_term_string"}}],"inLanguage":"en-US"},{"@type":"Organization","@id":"https:\/\/cargoairbag.eu\/#organization","name":"Cargo Airbag Slovenia","url":"https:\/\/cargoairbag.eu\/","logo":{"@type":"ImageObject","inLanguage":"en-US","@id":"https:\/\/cargoairbag.eu\/#\/schema\/logo\/image\/","url":"https:\/\/cargoairbag.eu\/wp-content\/uploads\/2021\/10\/cropped-250x250-1.png","contentUrl":"https:\/\/cargoairbag.eu\/wp-content\/uploads\/2021\/10\/cropped-250x250-1.png","width":250,"height":250,"caption":"Cargo Airbag Slovenia"},"image":{"@id":"https:\/\/cargoairbag.eu\/#\/schema\/logo\/image\/"},"sameAs":["https:\/\/www.youtube.com\/channel\/UCcj0CA-1tIue0p-NFP5wnjw"]}]}},"_links":{"self":[{"href":"https:\/\/cargoairbag.eu\/en\/wp-json\/wp\/v2\/pages\/5023","targetHints":{"allow":["GET"]}}],"collection":[{"href":"https:\/\/cargoairbag.eu\/en\/wp-json\/wp\/v2\/pages"}],"about":[{"href":"https:\/\/cargoairbag.eu\/en\/wp-json\/wp\/v2\/types\/page"}],"author":[{"embeddable":true,"href":"https:\/\/cargoairbag.eu\/en\/wp-json\/wp\/v2\/users\/1"}],"replies":[{"embeddable":true,"href":"https:\/\/cargoairbag.eu\/en\/wp-json\/wp\/v2\/comments?post=5023"}],"version-history":[{"count":7,"href":"https:\/\/cargoairbag.eu\/en\/wp-json\/wp\/v2\/pages\/5023\/revisions"}],"predecessor-version":[{"id":7129,"href":"https:\/\/cargoairbag.eu\/en\/wp-json\/wp\/v2\/pages\/5023\/revisions\/7129"}],"wp:attachment":[{"href":"https:\/\/cargoairbag.eu\/en\/wp-json\/wp\/v2\/media?parent=5023"}],"curies":[{"name":"wp","href":"https:\/\/api.w.org\/{rel}","templated":true}]}}